{"id":222,"date":"2015-01-31T23:48:29","date_gmt":"2015-01-31T21:48:29","guid":{"rendered":"http:\/\/pliszka.net\/pzwczarnawoda\/?page_id=222"},"modified":"2017-02-19T11:56:02","modified_gmt":"2017-02-19T09:56:02","slug":"zarys-historii-wedkarstwa-w-czarnej-wodzie","status":"publish","type":"page","link":"http:\/\/pliszka.net\/pzwczarnawoda\/?page_id=222","title":{"rendered":"Zarys historii w\u0119dkarstwa w Czarnej Wodzie"},"content":{"rendered":"<ul>\n<li>T\u0142o historyczne. <a href=\"http:\/\/pliszka.net\/pzwczarnawoda\/wp-content\/uploads\/2008\/06\/j-sobczak2.jpg\"><img loading=\"lazy\" decoding=\"async\" class=\"alignright size-medium wp-image-38\" title=\"Jan Sobczak z troci\u0105 wdzydzk\u0105\" src=\"http:\/\/pliszka.net\/pzwczarnawoda\/wp-content\/uploads\/2008\/06\/j-sobczak2-224x300.jpg\" alt=\"Jan Sobczak z troci\u0105 wdzydzk\u0105\" width=\"224\" height=\"300\" srcset=\"http:\/\/pliszka.net\/pzwczarnawoda\/wp-content\/uploads\/2008\/06\/j-sobczak2-224x300.jpg 224w, http:\/\/pliszka.net\/pzwczarnawoda\/wp-content\/uploads\/2008\/06\/j-sobczak2.jpg 754w\" sizes=\"auto, (max-width: 224px) 100vw, 224px\" \/><\/a><\/li>\n<li>Powstanie ko\u0142a.<\/li>\n<li>Ludzie tworz\u0105cy ko\u0142o na przestrzeni 60- lecia.<\/li>\n<li>Warunki otoczenia spo\u0142ecznego w czasie historii ko\u0142a.<\/li>\n<li>Wody w okolicy w kt\u00f3rych w\u0119dkujemy.<\/li>\n<li>Dzia\u0142alno\u015b\u0107 ko\u0142a.<\/li>\n<\/ul>\n<h3><strong>T\u0142o historyczne.<\/strong><\/h3>\n<p>W dniu 19 marca 1950r. z Zwi\u0105zku Sportowych Towarzystw W\u0119dkarskich powstaje Polski Zwi\u0105zek W\u0119dkarski. Istniej\u0105cy w tym czasie Zwi\u0105zek Sportowych Towarzystw z Gda\u0144ska, Gdyni i Tczewa przyst\u0119puje do PZW. Na terenie Pomorza zaczynaj\u0105 powstawa\u0107 pierwsze ko\u0142a w\u0119dkarskie.<\/p>\n<p>(Obok na zdj\u0119ciu Jan Sobczak z troci\u0105 wdzydzk\u0105 &#8211; lata 60 XX wieku)<\/p>\n<h3><strong>Powstanie ko\u0142a w\u0119dkarskiego.<\/strong><\/h3>\n<p>W dniu 6 listopada 1953r. grupa 22 os\u00f3b zwi\u0105zanych z powstaj\u0105c\u0105 w tym czasie Fabryk\u0105 P\u0142yt Pil\u015bniowych w Czarnej Wodzie, zebra\u0142a si\u0119 w obecno\u015bci przedstawiciela Okr\u0119gu w Gda\u0144sku by utworzy\u0107 ko\u0142o w\u0119dkarskie. Wybrano 6 osobowy zarz\u0105d, 3 osobow\u0105 Komisj\u0119 Rewizyjn\u0105 i 6-ciu stra\u017cnik\u00f3w . Zarz\u0105d dokona\u0142 podzia\u0142u funkcji. Pierwszym Prezesm ko\u0142a zosta\u0142 wybrany Jan Warczak, zast\u0119pc\u0105 Zygmunt Krzemie\u0144, sekretarzem Jan Sobczak, skarbnikiem Bronis\u0142aw Ossowski, instr. szkoleniowym Tadeusz Augusty\u0144ski, gospodarzem Jerzy Paszkiewicz. Nie uda\u0142o si\u0119 wyja\u015bni\u0107 kto by\u0142 pierwszym komendantem stra\u017cy honorowej dlatego podaj\u0119 nazwiska wszystkich stra\u017cnik\u00f3w a byli to : Szramka Boles\u0142aw, Gierszewski Brunon, \u0141obocki Leon, Krawczyk Leon, Ossowski Bronis\u0142aw II, Grefka Alojzy. Ko\u0142o w sprawozdaniu na koniec 1953 r. liczy\u0142o 23 cz\u0142onk\u00f3w, w tym 18 w\u0119dkuj\u0105cych. W ten spos\u00f3b rozpocz\u0119to dzia\u0142alno\u015b\u0107 w\u0119dkarsk\u0105 na terenie Czarnej Wody.<\/p>\n<h3>Ludzie tworz\u0105cy ko\u0142o na przestrzeni 60-lecia.<\/h3>\n<p>Prezesi ko\u0142a w kolejno\u015bci chronologicznej.<\/p>\n<p>1. 1953- 1956\u00a0 Jan Warczak.<\/p>\n<p>2.\u00a0 1956-1958\u00a0 Piotr Szl\u0119k.<\/p>\n<p>3.\u00a0 1958- 1963 Jan Warczak.<\/p>\n<p>4.\u00a0 1963- 1964\u00a0 Kazimierz Neuman.<\/p>\n<p>5.\u00a0 1964-1965\u00a0 Bronis\u0142aw Ossowski.<\/p>\n<p>6.\u00a0 1965-1967\u00a0 Kazimierz Neuman.<\/p>\n<p>7.\u00a0 1967-1969\u00a0 Jan Sobczak.<\/p>\n<p>8.\u00a0 1969- 1975\u00a0 Henryk Szews.<\/p>\n<p>9.\u00a0 1975- 1980\u00a0 Zbigniew Szyma\u0144ski.<\/p>\n<p>10.\u00a0 1980- 1992\u00a0 Waldemar Keister.<\/p>\n<p>11.\u00a0 1992- 2002\u00a0 Edmund J\u0119drzejewski.<\/p>\n<p>12.\u00a0 2002- 2008\u00a0 Rafa\u0142 Lemiesz.<\/p>\n<p>13.\u00a0 2008 &#8211; 2017Stefan Wasiniewski.<\/p>\n<p>14. \u00a02017\u00a0\u00a0obecnie Adam Pryba.<\/p>\n<p>Opr\u00f3cz wy\u017cej wymienionych w kole dzia\u0142a\u0142o wielu wspania\u0142ych ludzi jak Boles\u0142aw Sztormowski i Edmund R\u00f3\u017cewicz, kt\u00f3rzy dzia\u0142ali w kole od ko\u0144ca lat 50-tych i s\u0105 z nami do chwili obecnej. Jak i tych kt\u00f3rzy odeszli na wieczne \u0142owy koledzy Melsztynski Kazimierz, Krzemie\u0144 Zygmunt, Sandomierski Zygmunt, Miszewski Henryk, Zaj\u0105czkowski Stanis\u0142aw, Pa\u0142bicki Marceli, Godlewski Kazimierz i wielu innych. W nowszej historii ko\u0142a nale\u017cy wymieni\u0107 kol. dzia\u0142aj\u0105cych obecnie jak Rulewski Klemens &#8211; wieloletni kom. SSR, Redzimski Henryk &#8211; przew. komisji rewizyjnej oraz kronikarz i fotograf ko\u0142a, Pliszka Adam &#8211; skarbnik, Majkowski Marian &#8211; wieloletni sekretarz ko\u0142a, Wieczerzycki Przemys\u0142aw &#8211; m\u0142odzie\u017cowiec i organizator zawod\u00f3w na wodach g\u00f3rskich, Musia\u0142 Tomasz, Szl\u0119k Jerzy, Prabucki S\u0142awomir, Borkowski Kazimierz, Trzebiatowski Tadeusz, Gaszkowski Roman i wielu innych kt\u00f3rzy byli w kole a kt\u00f3rych losy \u017cycia porozrzuca\u0142y po \u015bwiecie, oraz tych dopiero zaczynaj\u0105cych w\u0119dkowa\u0107 i tworzy\u0107 \u017cycie ko\u0142a.<\/p>\n<p>Ko\u0142o w latach 50-tych liczy\u0142o kilkudziesi\u0119ciu cz\u0142onk\u00f3w, by w 1969r. osi\u0105gn\u0105\u0107 102 osoby. Pod koniec lat 70-tych liczba cz\u0142onk\u00f3w wynosi\u0142a 228 os\u00f3b. Od lat 90-tych gdy zniesiono obowi\u0105zkow\u0105 przynale\u017cno\u015b\u0107 do PZW aby w\u0119dkowa\u0107 liczba ta mala\u0142a by na prze\u0142omie wiek\u00f3w zmiejszy\u0107 sie do 95. Od pocz\u0105tku lat dwutysi\u0119cznych zauwa\u017calny jest powolny wzrost liczby cz\u0142onk\u00f3w. W roku 2014 ko\u0142o liczy\u0142o 132 osoby i jest to liczba przy skromnych zasobach w\u00f3d PZW w okolicy optymalna.<\/p>\n<h3>Warunki otoczenia spo\u0142eczno gospodarczego w czasie historii ko\u0142a.<\/h3>\n<p>Niew\u0105tpliwie g\u0142\u00f3wny wp\u0142yw na powstanie i p\u00f3\u017aniejsze trwanie ko\u0142a w Czarnej Wodzie mia\u0142y dwa zdarzenia tj. budowa na pocz\u0105tku lat pi\u0119\u0107dziesi\u0105tych fabryki p\u0142yt pil\u015bniowych, oraz powstanie Gminy Czarna Woda.\u00a0\u00a0\u00a0\u00a0\u00a0\u00a0\u00a0\u00a0 Ko\u0142o powsta\u0142o z inicjatywy grupy 22 os\u00f3b pracownik\u00f3w fabryki p\u0142yt. Kierownictwo firmy wspomaga\u0142o i umo\u017cliwia\u0142o rozw\u00f3j w\u0119dkarstwa udost\u0119pniaj\u0105c \u015brodki materialne, oraz organizuj\u0105c wyjazdy na ryby i zawody w\u0119dkarskie. R\u00f3wnie\u017c to \u017ce zak\u0142ad zbudowa\u0142 du\u017cy o\u015brodek wypoczynkowy nad je\u017a. Wdzydze oraz tanie i \u0142atwo dost\u0119pne korzystanie z w\u00f3d Pa\u0144stwowych Gospodarstw Rybackich skutkowa\u0142o du\u017cym rozwojem w\u0119dkarstwa w okolicach Czarnej Wody. W okresie przemian ustrojowych by\u0142o ju\u017c trudniej. Zak\u0142ad pracy zosta\u0142 sprywatyzowany i walczy\u0142 o przetrwanie, PGR-y r\u00f3wnie\u017c zacz\u0119\u0142y dzia\u0142a\u0107 w spos\u00f3b rynkowy pobieraj\u0105c op\u0142aty za w\u0119dkowanie. Wtedy powsta\u0142a samodzielna gmina Czarna Woda, kt\u00f3ra oddzieli\u0142a si\u0119 od gminy Kaliska. Szcz\u0119\u015bliwym trafem pierwszym Burmistrzem zosta\u0142 wybrany pan Andrzej Grzyb p\u00f3\u017aniejszy Starosta Starogardzki i obecny Senator R. P., zapalony w\u0119dkarz i jednocze\u015bnie cz\u0142onek naszego ko\u0142a. Dzi\u0119ki temu zapocz\u0105tkowano dobr\u0105 wsp\u00f3\u0142prac\u0119 z samorz\u0105dem. P\u00f3\u017aniejszy Burmistrz pan Jan Grzonka i obecny pan Arkadiusz Gliniecki to wsp\u00f3\u0142dzia\u0142anie kontynuuj\u0105. Ko\u0142o otrzyma\u0142o od gminy niewielkie pomieszczenie gdzie odbywaj\u0105 si\u0119 posiedzenia zarz\u0105du, szkolenia, egzaminy na kart\u0119 w\u0119dkarsk\u0105 a skarbnik rozprowadza sk\u0142adki cz\u0142onkowskie. Od kilku lat bardzo dobrze uk\u0142ada si\u0119 wsp\u00f3\u0142praca z firm\u0105 STEICO kt\u00f3ra kupi\u0142a fabryk\u0119 p\u0142yt. R\u00f3wnie\u017c okoliczni przedsi\u0119biorcy s\u0142u\u017c\u0105 wsparciem zar\u00f3wno logistycznym jak i materialnym przy organizacji zawod\u00f3w, pikniku dla dzieci czy remoncie k\u0142adek i pomost\u00f3w na jeziorach. Ale najwa\u017cniejszym czynnikiem s\u0105 ludzie kt\u00f3rym chce si\u0119 dzia\u0142a\u0107. W tym miejscu wypada wyrazi\u0107 szacunek i podzi\u0119kowanie tym kt\u00f3rzy nie pytaj\u0105 co ko\u0142o im da ale co mog\u0105 dla ko\u0142a zrobi\u0107, nawi\u0105zuj\u0105c do m\u0105drej wypowiedzi pewnego prezydenta.<\/p>\n<p>Zach\u0119cam koleg\u00f3w do dalszej pracy, wszak ta historia si\u0119 dzieje i miejmy nadziej\u0119 b\u0119dzie si\u0119 pomy\u015blnie toczy\u0142a dalej.<\/p>\n<h3>Wody w okolicy w kt\u00f3rych najcz\u0119\u015bciej w\u0119dkujemy.<\/h3>\n<p>Cz\u0142onkowie ko\u0142a pocz\u0105tkowo korzystali z licznych w\u00f3d w okolicy w my\u015bl zasady wszystko jest pa\u0144stwowe, te czasy ju\u017c niestety min\u0119\u0142y. Obecnie opiekujemy si\u0119 niewielkim 10 ha je\u017a Skrzynki Ma\u0142e, kt\u00f3re jest naszym oczkiem w g\u0142owie. Od lipca 2014 r. dosz\u0142o jez. Smolnik o powierzchni 12 ha. B\u0119dzie tam sporo pracy przy zagospodarowaniu dost\u0119pu do wody i zarybieniu. Opiekujemy si\u0119 te\u017c rz. Wd\u0105 na odcinku od jez Wdzydze do Zimnych Zdroji. Jest to dobra woda o charakterze g\u00f3rskim z liczn\u0105 populacj\u0105 pstr\u0105ga lipienia. S\u0105 te\u017c inne gatunki jak szczupak, kle\u0144 mi\u0119tus, oko\u0144, p\u0142o\u0107, jelec. R\u00f3wnie\u017c rz. Niechwaszcz, dop\u0142yw Wdy jest pod nasz\u0105 opiek\u0105. Sporo naszych w\u0119dkarzy \u0142owi te\u017c na jez. Wieck, Krasne i Grzybiec nale\u017c\u0105cych do okr\u0119gu Bydgoszcz w ramach porozumienia obu okr\u0119g\u00f3w. Marzy nam si\u0119 aby te trzy jeziora, przez kt\u00f3re przep\u0142ywa Studzienicka Struga by\u0142y w gestii okr\u0119gu Gda\u0144skiego by mo\u017cna by\u0142o prowadzi\u0107 racjionaln\u0105 gospodark\u0119 ryback\u0105 oraz ochron\u0119 tych w\u00f3d. Oczywi\u015bcie\u00a0 z uwzgl\u0119dnieniem mo\u017cliwo\u015bci po\u0142owu dla w\u0119dkarzy z obu granicz\u0105cych okr\u0119g\u00f3w. Skoro mogli si\u0119 dogada\u0107 Polacy\u00a0 z Rosjanami o ruchu bezwizowym z Kaliningradem czy mo\u017cliwo\u015bci\u0105\u00a0 po\u0142owu w niekt\u00f3rych\u00a0 landach niemieckich my\u015blimy \u017ce jest to do zrobienia, trzeba tylko chcie\u0107 Cz\u0119\u015b\u0107 koleg\u00f3w w\u0119dkuje na wodach w okolicy Sk\u00f3rcza jakjez. Czarne, Czarnoleskie, Jelonek, w okolicach Starogardu na jez. Sumi\u0144skie, Staroleskie czy Szp\u0119gawskie. Tak\u017ce jez. ko\u0142o Kalisk czyli Kazub i P\u0142ociczno ciesz\u0105 si\u0119 sporym zainteresowaniem. Od 2015 r. dochodz\u0105 nowe wody w okolicy Zblewa s\u0105 to jez. Wielkie, Pani, Struga i Czy\u017con o \u0142\u0105cznej powierzchni prawie 90 ha. Jak wsz\u0119dzie spory problem to k\u0142usownictwo szczeg\u00f3lnie rzeki s\u0105 trudne do pilnowania szczeg\u00f3lnie po zarybianiu wszak gatunki \u0142ososiowate stanowi\u0105 du\u017c\u0105 pokus\u0119 dla k\u0142usownik\u00f3w. Ostatnio SSR ko\u0142a dokoptowa\u0142a kilku m\u0142odych koleg\u00f3w wi\u0119c chyba b\u0119dzie skutecznie chroni\u0107 nasze wody. R\u00f3wnie\u017c zarybianie naszych w\u00f3d przez okr\u0119g przynosi efekty co wida\u0107 na zawodach i presji na wody kt\u00f3rymi si\u0119 opiekujemy.<\/p>\n<h3>Dzia\u0142alno\u015b\u0107 ko\u0142a.<\/h3>\n<p>G\u0142\u00f3wn\u0105 uwag\u0119 skupiamy na dzia\u0142aniach sportowo rekreacyjnych i promocji, organizuj\u0105c lub uczestnicz\u0105c w r\u00f3\u017cnych zawodach w\u0119dkarskich. S\u0105 to zawody o mistrzostwo ko\u0142a zar\u00f3wno zimowe jak i letnie. Jest cykl Grand Prix nizinny, trzy r\u00f3\u017cne zawody oraz Grand Prix g\u00f3rski na Wdzie r\u00f3wnie\u017c trzy r\u00f3\u017cne zawody. Co roku od 20 lat organizujemy piknik w\u0119dkarski dla dzieci z okazji Dnia Dziecka ciesz\u0105cy si\u0119 du\u017c\u0105 popularno\u015bci\u0105 w\u015br\u00f3d dzieci z szko\u0142y podstawowej. S\u0105 tak\u017ce zawody o mistrzostwo gimnazjum gdzie g\u0142\u00f3wn\u0105 nagrod\u0105 jest mo\u017cliwo\u015b\u0107 uzyskania bezp\u0142atnie karty w\u0119dkarskiej i wst\u0119p do ko\u0142a. Zorganizowano spotkanie nad wod\u0105 dla senior\u00f3w ko\u0142a i by\u0142ych w\u0119dkarzy. Cz\u0119\u015b\u0107 starszych koleg\u00f3w widz\u0105c \u017ce w jeziorach s\u0105 ryby wraca do ko\u0142a. Bardzo trudno obecnie zach\u0119ci\u0107 do w\u0119dkowania m\u0142odzie\u017c &#8211; jest to tylko kilka os\u00f3b rocznie. S\u0105 r\u00f3wnie\u017c zawody stra\u017cnik\u00f3w SSR, zar\u00f3wno w kole jak i na szczeblu starostwa. Nasi w\u0119dkarzy bior\u0105 r\u00f3wnie\u017c udzia\u0142 w zawodach organizowanych przez inne ko\u0142a. Zainicjowali\u015bmy r\u00f3wnie\u017c wyjazdy na po\u0142owy dorszy i innych ryb morskich, w tej chwili ok. 1\/4 koleg\u00f3w pr\u00f3buje nowych wra\u017ce\u0144 na morzu i w uj\u015bciach rzek do morza. S\u0105 te\u017c pierwsze pr\u00f3by wyjazd\u00f3w poza granice kraju. W\u0142\u0105czamy si\u0119 co roku w akcj\u0119 Sprz\u0105tania \u015awiata porz\u0105dkuj\u0105c tereny wok\u00f3\u0142 jez. i rzeki Wdy na terenie Czarnej Wody. O ile tereny wok\u00f3\u0142 jezior wygl\u0105daj\u0105 dobrze to z rzek\u0105 jest tragicznie i to nie jest wina tylko w\u0119dkarzy lecz g\u0142\u00f3wnie za spraw\u0105 cz\u0119\u015bci z tysi\u0119cy kajakarzy uprawiaj\u0105cych sp\u0142ywy nasz\u0105 pi\u0119kn\u0105 rzek\u0105. Jeden z koleg\u00f3w zaproponowa\u0142 by firmy organizuj\u0105ce sp\u0142ywy dostarcza\u0142y worki na \u015bmieci i pilnowa\u0142y ich odbioru. Potrzebna tu jest zdecydowana akcja edukacyjna ca\u0142ego PZW. Co roku z samego tylko odcinka wok\u00f3\u0142 Czarnej Wody wydobywamy kilkana\u015bcie du\u017cych work\u00f3w\u00a0 \u015bmieci g\u0142\u00f3wnie puszek i butelek, drugie tyle zbieraj\u0105 na brzegu zbieracze z\u0142omu. Z okazji 60-lecia ko\u0142a na placu posadzono drzewko w\u0119dkarza, oraz postawiono pami\u0105tkowy kamie\u0144 kt\u00f3ry ufundowali i wykonali panowie S\u0142awomir Trawicki i S\u0142awomir Prabucki.<\/p>\n<p>Ko\u0142o w\u0119dkarskie jest najstarsz\u0105 organizacj\u0105 dzia\u0142aj\u0105c\u0105 na terenie Czarnej Wody i trwale zapisa\u0142o si\u0119 w jej historii. Mimo \u017ce na karku sze\u015b\u0107dziesi\u0105tka nie zamierza si\u0119 udawa\u0107 na emerytur\u0119, trzeba pami\u0119ta\u0107 \u017ce ryby by\u0142y przed nami i pewnie b\u0119d\u0105 d\u0142u\u017cej ni\u017c my. Ko\u0144cz\u0119 w\u0119dkarskim pozdrowieniem\u00a0 ,,Wodom Cze\u015b\u0107&#8221;.<\/p>\n<p>Chcia\u0142bym w tym miejscu przeprosi\u0107 &#8211; je\u017celi kogo\u015b lub co\u015b pomin\u0105\u0142em ze wzgl\u0119du na brak dost\u0119pu do materia\u0142\u00f3w i informacji, szczeg\u00f3lnie z lat wcze\u015bniejszych i prosi\u0107 je\u017celi kto\u015b takowe posiada o dostarczenie, celem uzupe\u0142nienia wiedzy o naszym kole. M\u00f3j kontakt Adam Pliszka tel. 517042832.<\/p>\n<p>Opracowa\u0142 Adam Pliszka\u00a0 Stycze\u0144 2015r.<\/p>\n<p>Galeria zdj\u0119\u0107 z obchod\u00f3w 60-lecia Ko\u0142a w listopadzie 2013 r.<\/p>ngg_shortcode_0_placeholder","protected":false},"excerpt":{"rendered":"<p>T\u0142o historyczne. Powstanie ko\u0142a. Ludzie tworz\u0105cy ko\u0142o na przestrzeni 60- lecia. Warunki otoczenia spo\u0142ecznego w czasie historii ko\u0142a. Wody w okolicy w kt\u00f3rych w\u0119dkujemy. Dzia\u0142alno\u015b\u0107 ko\u0142a. T\u0142o historyczne. W dniu 19 marca 1950r. z Zwi\u0105zku Sportowych Towarzystw W\u0119dkarskich powstaje Polski Zwi\u0105zek W\u0119dkarski. Istniej\u0105cy w tym czasie Zwi\u0105zek Sportowych Towarzystw z Gda\u0144ska, Gdyni i Tczewa przyst\u0119puje [&hellip;]<\/p>\n","protected":false},"author":4,"featured_media":0,"parent":654,"menu_order":0,"comment_status":"open","ping_status":"open","template":"","meta":{"ngg_post_thumbnail":0,"footnotes":""},"class_list":["post-222","page","type-page","status-publish","hentry"],"_links":{"self":[{"href":"http:\/\/pliszka.net\/pzwczarnawoda\/index.php?rest_route=\/wp\/v2\/pages\/222","targetHints":{"allow":["GET"]}}],"collection":[{"href":"http:\/\/pliszka.net\/pzwczarnawoda\/index.php?rest_route=\/wp\/v2\/pages"}],"about":[{"href":"http:\/\/pliszka.net\/pzwczarnawoda\/index.php?rest_route=\/wp\/v2\/types\/page"}],"author":[{"embeddable":true,"href":"http:\/\/pliszka.net\/pzwczarnawoda\/index.php?rest_route=\/wp\/v2\/users\/4"}],"replies":[{"embeddable":true,"href":"http:\/\/pliszka.net\/pzwczarnawoda\/index.php?rest_route=%2Fwp%2Fv2%2Fcomments&post=222"}],"version-history":[{"count":3,"href":"http:\/\/pliszka.net\/pzwczarnawoda\/index.php?rest_route=\/wp\/v2\/pages\/222\/revisions"}],"predecessor-version":[{"id":961,"href":"http:\/\/pliszka.net\/pzwczarnawoda\/index.php?rest_route=\/wp\/v2\/pages\/222\/revisions\/961"}],"up":[{"embeddable":true,"href":"http:\/\/pliszka.net\/pzwczarnawoda\/index.php?rest_route=\/wp\/v2\/pages\/654"}],"wp:attachment":[{"href":"http:\/\/pliszka.net\/pzwczarnawoda\/index.php?rest_route=%2Fwp%2Fv2%2Fmedia&parent=222"}],"curies":[{"name":"wp","href":"https:\/\/api.w.org\/{rel}","templated":true}]}}